{"id":3,"date":"2024-03-08T20:07:03","date_gmt":"2024-03-08T19:07:03","guid":{"rendered":"http:\/\/carpasfiesta.com\/?page_id=3"},"modified":"2024-03-14T09:57:34","modified_gmt":"2024-03-14T08:57:34","slug":"politica-privacidad","status":"publish","type":"page","link":"https:\/\/carpasfiesta.com\/index.php\/politica-privacidad\/","title":{"rendered":"2.- Pol\u00edtica de privacidad"},"content":{"rendered":"\n<p>Advertencia importante: como usuario de este sitio web le invitamos a leer detenidamente el siguiente texto legal con car\u00e1cter previo a facilitar cualquier dato de car\u00e1cter personal.<\/p>\n\n\n\n<p>CARMEN HERMOSILLA DEL TORO, como titular del sitio web WWW.CARPASFIESTA.COM, y en cumplimiento de las obligaciones establecidas en el art\u00edculo 11 y concordantes de la Ley Org\u00e1nica 3\/2018, de 5 de diciembre, de Protecci\u00f3n de Datos de Car\u00e1cter Personal y Garant\u00eda de los Derechos Digitales le informa en relaci\u00f3n con su pol\u00edtica de protecci\u00f3n de datos personales, con el fin de que, de forma expresa, libre, voluntaria, y mediante una acci\u00f3n afirmativa decida si desea facilitar a CARMEN HERMOSILLA DEL TORO los datos personales que, en su caso, le sean solicitados en el sitio web para la prestaci\u00f3n de los servicios o la venta de los productos en \u00e9l ofertados y cualquier otra finalidad del responsable del tratamiento.<\/p>\n\n\n\n<p>1.- \u00bfQui\u00e9n es el responsable del tratamiento?:<\/p>\n\n\n\n<p>El Responsable del Tratamiento de los datos de car\u00e1cter personal es: CARMEN HERMOSILLA DEL TORO. Con domicilio social a estos efectos en AVENIDA DE LA PAZ, 25. 30.170 MULA. MURCIA. ESPA\u00d1A Portal web: http:\/\/www.ecocarpas.com Tel\u00e9fono: (+34) 654387294 Correo-e: carpasfiesta.com@gmail.com<\/p>\n\n\n\n<p>2.- \u00bfCu\u00e1les son las finalidades del tratamiento de mis datos?<\/p>\n\n\n\n<p>La finalidad\/es del tratamiento son: \u2013 Gestionar los pedidos solicitados por los usuarios. \u2013 Atender las quejas, dudas o sugerencias a trav\u00e9s del formulario web facilitado a tal efecto. \u2013 Enviar comunicaciones comerciales en relaci\u00f3n con los servicios prestados por CARPASFIESTA.COM<\/p>\n\n\n\n<p>3.- \u00bfCon qu\u00e9 base jur\u00eddica de legitimaci\u00f3n se tratan mis datos personales?<\/p>\n\n\n\n<p>CARMEN HERMOSILLA DEL TORO est\u00e1 legitimado, con car\u00e1cter general, con base en el mantenimiento de una relaci\u00f3n precontractual o contractual entre el usuario (cliente) y el titular del portal (vendedor), sin perjuicio de que sean de aplicaci\u00f3n otras bases legales como el propio consentimiento del interesado al enviar su solicitud u orden de compra (por ejemplo para el env\u00edo de comunicaciones comerciales), el cumplimiento de obligaci\u00f3n legal (para el caso de obligaciones fiscales y administrativas), o el inter\u00e9s leg\u00edtimo del titular del portal.<\/p>\n\n\n\n<p>As\u00ed mismo, se informa al usuario de que en caso de que la base de legitimaci\u00f3n de un tratamiento sea la correspondiente a su consentimiento, \u00e9ste tiene la posibilidad de retirar el mismo en cualquier momento.<\/p>\n\n\n\n<p>4.- \u00bfDurante qu\u00e9 plazo se conservar\u00e1n mis datos?<\/p>\n\n\n\n<p>Los datos personales recabados ser\u00e1n conservados en tanto en cuanto sean necesarios para la prestaci\u00f3n de los servicios que son propios a CARPASFIESTA.COM en relaci\u00f3n con los servicios de comercio electr\u00f3nico prestados a trav\u00e9s de este portal. En particular se extender\u00e1n durante los periodos legalmente establecidos para el cumplimiento de las correspondientes obligaciones legales, en particular en el \u00e1mbito fiscal y administrativo. Todo ello ser\u00e1 sin perjuicio de la posibilidad de ejercer los derechos contemplados en los art. 15 a 22 del RGPD que asiste al usuario.<\/p>\n\n\n\n<p>5.- \u00bfQui\u00e9nes ser\u00e1n los destinatarios de los datos?<\/p>\n\n\n\n<p>Con car\u00e1cter general los datos personales recabados a trav\u00e9s de este Portal no ser\u00e1n cedidos a terceras partes sin contar, en su caso, con el previo y expreso consentimiento de sus titulares. No obstante lo anterior, dichos datos podr\u00e1n ser cedidos a terceros para el desarrollo, control y cumplimiento de las finalidades expresadas m\u00e1s arriba as\u00ed como en los casos en los que exista una obligaci\u00f3n legal en tal sentido.<\/p>\n\n\n\n<p>6.- \u00bfCu\u00e1les son mis derechos como usuario, y c\u00f3mo ejercerlos?<\/p>\n\n\n\n<p>El usuario del portal, en su condici\u00f3n de titular de datos de car\u00e1cter personal, podr\u00e1 ejercer en todo caso los derechos que le asisten en aplicaci\u00f3n de los art. 15 a 22 del RGPD, y que son: \u2022 Derecho a solicitar el acceso a los datos personales. \u2022 Derecho a solicitar su rectificaci\u00f3n. \u2022 Derecho a solicitar su supresi\u00f3n (\u201cderecho al olvido\u201d). \u2022 Derecho a solicitar la limitaci\u00f3n de su tratamiento. \u2022 Derecho a oponerse al tratamiento. \u2022 Derecho a la portabilidad de los datos. El interesado podr\u00e1 ejercer los mencionados derechos mediante solicitud al responsable del portal por medio de los canales de contacto indicados m\u00e1s arriba. Se deber\u00e1 acompa\u00f1ar una fotocopia de su N.I.F. En esta web de la Agencia Espa\u00f1ola de Protecci\u00f3n de Datos se facilita m\u00e1s informaci\u00f3n en relaci\u00f3n con estos derechos https:\/\/www.aepd.es\/reglamento\/derechos\/index.html sin perjuicio de lo cual estamos a su disposici\u00f3n para cualquier cuesti\u00f3n relativa a los mismos.<\/p>\n\n\n\n<p>7.- \u00bfCu\u00e1les son las medidas de seguridad adoptadas?<\/p>\n\n\n\n<p>CARMEN HERMOSILLA DEL TORO ha implementado las medidas t\u00e9cnicas y organizativas legalmente requeridas con motivo de garantizar la integridad, autenticidad y confidencialidad de la informaci\u00f3n de la que es titular, evitando su alteraci\u00f3n, p\u00e9rdida, tratamiento o acceso por terceros no autorizados.<\/p>\n\n\n\n<p>8.- \u00bfQu\u00e9 hacer en caso de reclamaciones y\/o conflictos?<\/p>\n\n\n\n<p>El usuario, en caso de considerar que se ha podido producir una vulneraci\u00f3n de sus derechos podr\u00e1 presentar reclamaci\u00f3n ante la autoridad de control (Agencia Espa\u00f1ola de Protecci\u00f3n de Datos), sin perjuicio de lo cual, le invitamos a que, con car\u00e1cter previo, se ponga en contacto con los responsables de este portal con el fin de poder poner los medios para alcanzar una soluci\u00f3n amistosa.<\/p>\n\n\n\n<p>9.- El usuario acepta que todos sus datos de car\u00e1cter personal sean \u00edntegramente cedidos a Aplazame desde el momento en que el usuario haya iniciado la contrataci\u00f3n del servicio de pago aplazado ofrecido por \u00e9sta \u00faltima en el momento de elegir la forma de pago. Esta aceptaci\u00f3n se extienda a terceras entidades que tuvieran que acceder a los ficheros para el buen fin del contrato<\/p>\n\n\n\n<p>FECHA DE ACTUALIZACI\u00d3N: 14-03-2024<\/p>\n\n\n\n<p>\u00a9 Copyright 2024 CARPASFIESTA.COM<\/p>\n","protected":false},"excerpt":{"rendered":"<p>Advertencia importante: como usuario de este sitio web le invitamos a leer detenidamente el siguiente texto legal con car\u00e1cter previo a facilitar cualquier dato de car\u00e1cter personal. CARMEN HERMOSILLA DEL TORO, como titular del sitio web WWW.CARPASFIESTA.COM, y en cumplimiento de las obligaciones establecidas en el art\u00edculo 11 y concordantes de la Ley Org\u00e1nica 3\/2018, [&hellip;]<\/p>\n","protected":false},"author":1,"featured_media":0,"parent":0,"menu_order":0,"comment_status":"closed","ping_status":"closed","template":"","meta":{"footnotes":""},"class_list":["post-3","page","type-page","status-publish","hentry"],"_links":{"self":[{"href":"https:\/\/carpasfiesta.com\/index.php\/wp-json\/wp\/v2\/pages\/3","targetHints":{"allow":["GET"]}}],"collection":[{"href":"https:\/\/carpasfiesta.com\/index.php\/wp-json\/wp\/v2\/pages"}],"about":[{"href":"https:\/\/carpasfiesta.com\/index.php\/wp-json\/wp\/v2\/types\/page"}],"author":[{"embeddable":true,"href":"https:\/\/carpasfiesta.com\/index.php\/wp-json\/wp\/v2\/users\/1"}],"replies":[{"embeddable":true,"href":"https:\/\/carpasfiesta.com\/index.php\/wp-json\/wp\/v2\/comments?post=3"}],"version-history":[{"count":2,"href":"https:\/\/carpasfiesta.com\/index.php\/wp-json\/wp\/v2\/pages\/3\/revisions"}],"predecessor-version":[{"id":31782,"href":"https:\/\/carpasfiesta.com\/index.php\/wp-json\/wp\/v2\/pages\/3\/revisions\/31782"}],"wp:attachment":[{"href":"https:\/\/carpasfiesta.com\/index.php\/wp-json\/wp\/v2\/media?parent=3"}],"curies":[{"name":"wp","href":"https:\/\/api.w.org\/{rel}","templated":true}]}}